{"id":126,"date":"2025-12-10T13:30:55","date_gmt":"2025-12-10T16:30:55","guid":{"rendered":"https:\/\/xn--cabaaselquiparaiso-q0b.cl\/?page_id=126"},"modified":"2025-12-17T15:15:33","modified_gmt":"2025-12-17T18:15:33","slug":"cabana-vista-rio","status":"publish","type":"page","link":"https:\/\/xn--cabaaselquiparaiso-q0b.cl\/index.php\/cabana-vista-rio\/","title":{"rendered":"Caba\u00f1a Vista R\u00edo"},"content":{"rendered":"<p>[et_pb_section fb_built=\u00bb1&#8243; admin_label=\u00bbHeader\u00bb _builder_version=\u00bb4.27.2&#8243; _module_preset=\u00bbdefault\u00bb background_color=\u00bb#FFFFFF\u00bb collapsed=\u00bbon\u00bb global_colors_info=\u00bb{}\u00bb][et_pb_row column_structure=\u00bb1_2,1_2&#8243; make_equal=\u00bbon\u00bb _builder_version=\u00bb4.27.5&#8243; _module_preset=\u00bbdefault\u00bb width=\u00bb94%\u00bb width_tablet=\u00bb80%\u00bb width_phone=\u00bb80%\u00bb width_last_edited=\u00bbon|desktop\u00bb max_width=\u00bb100%\u00bb height=\u00bb460px\u00bb custom_padding=\u00bb0px||0px||true|false\u00bb global_colors_info=\u00bb{}\u00bb][et_pb_column type=\u00bb1_2&#8243; _builder_version=\u00bb4.27.2&#8243; _module_preset=\u00bbdefault\u00bb custom_padding=\u00bb9vh||||false|false\u00bb custom_padding_tablet=\u00bb0vw||||false|false\u00bb custom_padding_phone=\u00bb0vw||||false|false\u00bb custom_padding_last_edited=\u00bbon|desktop\u00bb global_colors_info=\u00bb{}\u00bb][et_pb_text _builder_version=\u00bb4.27.5&#8243; _module_preset=\u00bb6478ba24-a50d-4fbb-acfa-5efdd9140cf7&#8243; header_4_font=\u00bb&#8211;et_global_body_font|700||on|||||\u00bb header_4_text_color=\u00bb#1C0D02&#8243; max_width=\u00bb800px\u00bb header_4_text_align_tablet=\u00bb\u00bb header_4_text_align_phone=\u00bbcenter\u00bb header_4_text_align_last_edited=\u00bbon|phone\u00bb global_colors_info=\u00bb{}\u00bb]<\/p>\n<h4>Experiencia en Valle del Elqui<\/h4>\n<p>[\/et_pb_text][et_pb_text _builder_version=\u00bb4.27.5&#8243; _module_preset=\u00bbc1d972b7-ebdf-491c-bc48-49449a719624&#8243; header_font=\u00bb&#8211;et_global_heading_font|||on|||||\u00bb header_text_color=\u00bb#344B53&#8243; header_font_size=\u00bb70px\u00bb max_width=\u00bb800px\u00bb header_text_align_tablet=\u00bb\u00bb header_text_align_phone=\u00bbcenter\u00bb header_text_align_last_edited=\u00bbon|phone\u00bb header_font_size_tablet=\u00bb70px\u00bb header_font_size_phone=\u00bb40px\u00bb header_font_size_last_edited=\u00bbon|phone\u00bb global_colors_info=\u00bb{}\u00bb]<\/p>\n<h1>Caba\u00f1a Vista R\u00edo<\/h1>\n<p>[\/et_pb_text][et_pb_button button_url=\u00bbhttps:\/\/api.whatsapp.com\/send\/?phone=56995394065&#038;text=Hola+Caba%C3%B1as+Elqui+Para%C3%ADso%21+Quiero+Reservar&#038;type=phone_number&#038;app_absent=0&#8243; button_text=\u00bbReservar Ahora\u00bb button_alignment_tablet=\u00bb\u00bb button_alignment_phone=\u00bbcenter\u00bb button_alignment_last_edited=\u00bbon|phone\u00bb _builder_version=\u00bb4.27.5&#8243; _module_preset=\u00bba986bdb5-741c-4624-b36b-1db2d73e4e7b\u00bb button_font=\u00bb&#8211;et_global_heading_font|700||on|||||\u00bb global_colors_info=\u00bb{}\u00bb][\/et_pb_button][et_pb_divider color=\u00bbrgba(0,0,0,0.2)\u00bb divider_weight=\u00bb2px\u00bb _builder_version=\u00bb4.20.0&#8243; _module_preset=\u00bbdefault\u00bb custom_margin=\u00bb|-24%|||false|false\u00bb custom_margin_tablet=\u00bb|0%|||false|false\u00bb custom_margin_phone=\u00bb|0%|11px||false|false\u00bb custom_margin_last_edited=\u00bbon|tablet\u00bb global_colors_info=\u00bb{}\u00bb][\/et_pb_divider][\/et_pb_column][et_pb_column type=\u00bb1_2&#8243; _builder_version=\u00bb4.27.5&#8243; _module_preset=\u00bbdefault\u00bb background_image=\u00bbhttps:\/\/xn--cabaaselquiparaiso-q0b.cl\/wp-content\/uploads\/2025\/12\/Cabana-Vista-Rio-Elqui-Paraiso-6.webp\u00bb background_position=\u00bbcenter_left\u00bb border_radii=\u00bbon|10px|10px|10px|10px\u00bb global_colors_info=\u00bb{}\u00bb][et_pb_divider show_divider=\u00bboff\u00bb _builder_version=\u00bb4.21.0&#8243; _module_preset=\u00bbdefault\u00bb height_tablet=\u00bb40vw\u00bb height_phone=\u00bb40vw\u00bb height_last_edited=\u00bbon|desktop\u00bb global_colors_info=\u00bb{}\u00bb][\/et_pb_divider][\/et_pb_column][\/et_pb_row][\/et_pb_section][et_pb_section fb_built=\u00bb1&#8243; _builder_version=\u00bb4.27.2&#8243; _module_preset=\u00bbdefault\u00bb custom_padding=\u00bb0px|||||\u00bb global_colors_info=\u00bb{}\u00bb][et_pb_row _builder_version=\u00bb4.27.2&#8243; _module_preset=\u00bbdefault\u00bb custom_margin=\u00bb30px|auto|30px|auto|true|false\u00bb global_colors_info=\u00bb{}\u00bb][et_pb_column type=\u00bb4_4&#8243; _builder_version=\u00bb4.27.2&#8243; _module_preset=\u00bbdefault\u00bb global_colors_info=\u00bb{}\u00bb][et_pb_text _builder_version=\u00bb4.27.5&#8243; _module_preset=\u00bbdefault\u00bb text_font=\u00bb&#8211;et_global_body_font||||||||\u00bb text_text_color=\u00bb#1C0D02&#8243; text_font_size=\u00bb16px\u00bb text_line_height=\u00bb1.8em\u00bb ul_font=\u00bb||||||||\u00bb ul_line_height=\u00bb2em\u00bb header_font=\u00bb||||||||\u00bb header_3_font=\u00bb&#8211;et_global_heading_font|500|||||||\u00bb header_3_text_align=\u00bbcenter\u00bb header_3_text_color=\u00bb#344B53&#8243; header_3_font_size=\u00bb42px\u00bb header_3_line_height=\u00bb1.4em\u00bb header_6_line_height=\u00bb1.8em\u00bb text_orientation=\u00bbcenter\u00bb custom_margin=\u00bb||||false|false\u00bb custom_margin_tablet=\u00bb0px||||false|false\u00bb custom_margin_phone=\u00bb0px||||false|false\u00bb custom_margin_last_edited=\u00bbon|phone\u00bb hover_enabled=\u00bb0&#8243; text_font_size_tablet=\u00bb16px\u00bb text_font_size_phone=\u00bb16px\u00bb text_font_size_last_edited=\u00bboff|desktop\u00bb header_3_text_align_tablet=\u00bbcenter\u00bb header_3_text_align_phone=\u00bbcenter\u00bb header_3_text_align_last_edited=\u00bbon|tablet\u00bb header_3_font_size_tablet=\u00bb36px\u00bb header_3_font_size_phone=\u00bb34px\u00bb header_3_font_size_last_edited=\u00bbon|phone\u00bb text_orientation_tablet=\u00bbjustified\u00bb text_orientation_phone=\u00bbcenter\u00bb text_orientation_last_edited=\u00bbon|phone\u00bb locked=\u00bboff\u00bb global_colors_info=\u00bb{%22gcid-475f8624-2f7e-4735-9b84-3c8f1adf3f31%22:%91%22text_text_color%22%93}\u00bb sticky_enabled=\u00bb0&#8243;]<\/p>\n<h3>Caba\u00f1a en Elqui 2 personas<\/h3>\n<p>La Caba\u00f1a Vista R\u00edo est\u00e1 situada en la ladera del r\u00edo Claro, en un entorno privilegiado donde el sonido del agua corriendo acompa\u00f1a cada momento. Es un espacio pensado para quienes buscan desconexi\u00f3n, naturaleza y tranquilidad absoluta.<\/p>\n<p><span><strong>Valores Temporada Baja:<\/strong> $60.000<\/span><br \/><span><strong>Valores Temporada Alta:<\/strong> $70.000 (15 diciembre al 15 Marzo, festivos y fines de semana largos)<\/span><\/p>\n<p>[\/et_pb_text][\/et_pb_column][\/et_pb_row][et_pb_row column_structure=\u00bb1_6,1_6,1_6,1_6,1_6,1_6&#8243; use_custom_gutter=\u00bbon\u00bb gutter_width=\u00bb1&#8243; disabled_on=\u00bbon|on|off\u00bb _builder_version=\u00bb4.21.0&#8243; _module_preset=\u00bbdefault\u00bb custom_padding=\u00bb15px||15px||true|false\u00bb global_colors_info=\u00bb{}\u00bb][et_pb_column type=\u00bb1_6&#8243; _builder_version=\u00bb4.21.0&#8243; _module_preset=\u00bbdefault\u00bb global_colors_info=\u00bb{}\u00bb][et_pb_icon font_icon=\u00bb&#xe08a;||divi||400&#8243; icon_color=\u00bb#344B53&#8243; icon_width=\u00bb73px\u00bb icon_width_tablet=\u00bb\u00bb icon_width_phone=\u00bb40px\u00bb icon_width_last_edited=\u00bbon|phone\u00bb _builder_version=\u00bb4.27.5&#8243; _module_preset=\u00bbdefault\u00bb global_colors_info=\u00bb{}\u00bb][\/et_pb_icon][et_pb_text _builder_version=\u00bb4.27.4&#8243; _module_preset=\u00bbdefault\u00bb text_text_color=\u00bb#1C0D02&#8243; text_font_size=\u00bb16px\u00bb custom_margin=\u00bb||||false|false\u00bb global_colors_info=\u00bb{}\u00bb]<\/p>\n<p style=\"text-align: center;\">Para 2 Hu\u00e9spedes<\/p>\n<p>[\/et_pb_text][\/et_pb_column][et_pb_column type=\u00bb1_6&#8243; _builder_version=\u00bb4.21.0&#8243; _module_preset=\u00bbdefault\u00bb global_colors_info=\u00bb{}\u00bb][et_pb_icon font_icon=\u00bb&#xf236;||fa||900&#8243; icon_color=\u00bb#344B53&#8243; icon_width=\u00bb73px\u00bb icon_width_tablet=\u00bb\u00bb icon_width_phone=\u00bb40px\u00bb icon_width_last_edited=\u00bbon|phone\u00bb _builder_version=\u00bb4.21.0&#8243; _module_preset=\u00bbdefault\u00bb global_colors_info=\u00bb{}\u00bb][\/et_pb_icon][et_pb_text _builder_version=\u00bb4.27.4&#8243; _module_preset=\u00bbdefault\u00bb text_text_color=\u00bb#1C0D02&#8243; text_font_size=\u00bb16px\u00bb custom_margin=\u00bb||||false|false\u00bb global_colors_info=\u00bb{}\u00bb]<\/p>\n<p style=\"text-align: center;\">1 Cama Matrimonial<\/p>\n<p>[\/et_pb_text][\/et_pb_column][et_pb_column type=\u00bb1_6&#8243; _builder_version=\u00bb4.21.0&#8243; _module_preset=\u00bbdefault\u00bb global_colors_info=\u00bb{}\u00bb][et_pb_icon font_icon=\u00bb&#xf1b0;||fa||900&#8243; icon_color=\u00bb#344B53&#8243; icon_width=\u00bb73px\u00bb icon_width_tablet=\u00bb\u00bb icon_width_phone=\u00bb40px\u00bb icon_width_last_edited=\u00bbon|phone\u00bb _builder_version=\u00bb4.27.0&#8243; _module_preset=\u00bbdefault\u00bb global_colors_info=\u00bb{}\u00bb][\/et_pb_icon][et_pb_text _builder_version=\u00bb4.27.0&#8243; _module_preset=\u00bbdefault\u00bb text_text_color=\u00bb#1C0D02&#8243; text_font_size=\u00bb16px\u00bb custom_margin=\u00bb||||false|false\u00bb global_colors_info=\u00bb{}\u00bb]<\/p>\n<p style=\"text-align: center;\">Pet Friendly<\/p>\n<p>[\/et_pb_text][\/et_pb_column][et_pb_column type=\u00bb1_6&#8243; _builder_version=\u00bb4.21.0&#8243; _module_preset=\u00bbdefault\u00bb global_colors_info=\u00bb{}\u00bb][et_pb_icon font_icon=\u00bb&#xe074;||divi||400&#8243; icon_color=\u00bb#344B53&#8243; icon_width=\u00bb73px\u00bb icon_width_tablet=\u00bb\u00bb icon_width_phone=\u00bb40px\u00bb icon_width_last_edited=\u00bbon|phone\u00bb _builder_version=\u00bb4.27.0&#8243; _module_preset=\u00bbdefault\u00bb global_colors_info=\u00bb{}\u00bb][\/et_pb_icon][et_pb_text _builder_version=\u00bb4.27.4&#8243; _module_preset=\u00bbdefault\u00bb text_text_color=\u00bb#1C0D02&#8243; text_font_size=\u00bb16px\u00bb custom_margin=\u00bb||||false|false\u00bb global_colors_info=\u00bb{}\u00bb]<\/p>\n<p style=\"text-align: center;\">1 habitacion y 1 ba\u00f1o<\/p>\n<p>[\/et_pb_text][\/et_pb_column][et_pb_column type=\u00bb1_6&#8243; _builder_version=\u00bb4.21.0&#8243; _module_preset=\u00bbdefault\u00bb global_colors_info=\u00bb{}\u00bb][et_pb_icon font_icon=\u00bb&#xf2e7;||fa||900&#8243; icon_color=\u00bb#344B53&#8243; icon_width=\u00bb73px\u00bb icon_width_tablet=\u00bb\u00bb icon_width_phone=\u00bb40px\u00bb icon_width_last_edited=\u00bbon|phone\u00bb _builder_version=\u00bb4.21.0&#8243; _module_preset=\u00bbdefault\u00bb global_colors_info=\u00bb{}\u00bb][\/et_pb_icon][et_pb_text _builder_version=\u00bb4.27.0&#8243; _module_preset=\u00bbdefault\u00bb text_text_color=\u00bb#1C0D02&#8243; text_font_size=\u00bb16px\u00bb custom_margin=\u00bb||||false|false\u00bb global_colors_info=\u00bb{}\u00bb]<\/p>\n<p style=\"text-align: center;\">Cocina Equipada<\/p>\n<p>[\/et_pb_text][\/et_pb_column][et_pb_column type=\u00bb1_6&#8243; _builder_version=\u00bb4.21.0&#8243; _module_preset=\u00bbdefault\u00bb global_colors_info=\u00bb{}\u00bb][et_pb_icon font_icon=\u00bb&#xf540;||fa||900&#8243; icon_color=\u00bb#344B53&#8243; icon_width=\u00bb73px\u00bb icon_width_tablet=\u00bb\u00bb icon_width_phone=\u00bb40px\u00bb icon_width_last_edited=\u00bbon|phone\u00bb _builder_version=\u00bb4.27.0&#8243; _module_preset=\u00bbdefault\u00bb global_colors_info=\u00bb{}\u00bb][\/et_pb_icon][et_pb_text _builder_version=\u00bb4.27.0&#8243; _module_preset=\u00bbdefault\u00bb text_text_color=\u00bb#1C0D02&#8243; text_font_size=\u00bb16px\u00bb custom_margin=\u00bb||||false|false\u00bb global_colors_info=\u00bb{}\u00bb]<\/p>\n<p style=\"text-align: center;\">Estacionamiento<\/p>\n<p>[\/et_pb_text][\/et_pb_column][\/et_pb_row][et_pb_row column_structure=\u00bb1_2,1_2&#8243; use_custom_gutter=\u00bbon\u00bb gutter_width=\u00bb2&#8243; disabled_on=\u00bboff|off|on\u00bb _builder_version=\u00bb4.21.0&#8243; _module_preset=\u00bbdefault\u00bb custom_padding=\u00bb15px||15px||true|false\u00bb custom_css_main_element=\u00bbdisplay:flex;\u00bb global_colors_info=\u00bb{}\u00bb][et_pb_column type=\u00bb1_2&#8243; _builder_version=\u00bb4.21.0&#8243; _module_preset=\u00bbdefault\u00bb global_colors_info=\u00bb{}\u00bb][et_pb_icon font_icon=\u00bb&#xe08a;||divi||400&#8243; icon_color=\u00bb#344B53&#8243; icon_width=\u00bb73px\u00bb icon_width_tablet=\u00bb\u00bb icon_width_phone=\u00bb40px\u00bb icon_width_last_edited=\u00bbon|phone\u00bb _builder_version=\u00bb4.21.0&#8243; _module_preset=\u00bbdefault\u00bb global_colors_info=\u00bb{}\u00bb][\/et_pb_icon][et_pb_text _builder_version=\u00bb4.27.4&#8243; _module_preset=\u00bbdefault\u00bb text_text_color=\u00bb#1C0D02&#8243; text_font_size=\u00bb16px\u00bb custom_margin=\u00bb-15px||||false|false\u00bb text_font_size_tablet=\u00bb16px\u00bb text_font_size_phone=\u00bb14px\u00bb text_font_size_last_edited=\u00bbon|phone\u00bb global_colors_info=\u00bb{}\u00bb]<\/p>\n<p style=\"text-align: center;\">Para 2 Hu\u00e9spedes<\/p>\n<p>[\/et_pb_text][\/et_pb_column][et_pb_column type=\u00bb1_2&#8243; _builder_version=\u00bb4.21.0&#8243; _module_preset=\u00bbdefault\u00bb global_colors_info=\u00bb{}\u00bb][et_pb_icon font_icon=\u00bb&#xf1b0;||fa||900&#8243; icon_color=\u00bb#344B53&#8243; icon_width=\u00bb73px\u00bb icon_width_tablet=\u00bb\u00bb icon_width_phone=\u00bb40px\u00bb icon_width_last_edited=\u00bbon|phone\u00bb _builder_version=\u00bb4.27.0&#8243; _module_preset=\u00bbdefault\u00bb global_colors_info=\u00bb{}\u00bb][\/et_pb_icon][et_pb_text _builder_version=\u00bb4.27.0&#8243; _module_preset=\u00bbdefault\u00bb text_text_color=\u00bb#1C0D02&#8243; text_font_size=\u00bb16px\u00bb custom_margin=\u00bb||||false|false\u00bb global_colors_info=\u00bb{}\u00bb]<\/p>\n<p style=\"text-align: center;\">Pet Friendly<\/p>\n<p>[\/et_pb_text][\/et_pb_column][\/et_pb_row][et_pb_row column_structure=\u00bb1_2,1_2&#8243; use_custom_gutter=\u00bbon\u00bb gutter_width=\u00bb2&#8243; disabled_on=\u00bboff|off|on\u00bb _builder_version=\u00bb4.27.0&#8243; _module_preset=\u00bbdefault\u00bb custom_padding=\u00bb15px||15px||true|false\u00bb custom_css_main_element=\u00bbdisplay:flex;\u00bb global_colors_info=\u00bb{}\u00bb][et_pb_column type=\u00bb1_2&#8243; _builder_version=\u00bb4.21.0&#8243; _module_preset=\u00bbdefault\u00bb global_colors_info=\u00bb{}\u00bb][et_pb_icon font_icon=\u00bb&#xf236;||fa||900&#8243; icon_color=\u00bb#344B53&#8243; icon_width=\u00bb73px\u00bb icon_width_tablet=\u00bb\u00bb icon_width_phone=\u00bb40px\u00bb icon_width_last_edited=\u00bbon|phone\u00bb _builder_version=\u00bb4.21.0&#8243; _module_preset=\u00bbdefault\u00bb global_colors_info=\u00bb{}\u00bb][\/et_pb_icon][et_pb_text _builder_version=\u00bb4.27.4&#8243; _module_preset=\u00bbdefault\u00bb text_text_color=\u00bb#1C0D02&#8243; text_font_size=\u00bb16px\u00bb custom_margin=\u00bb||||false|false\u00bb global_colors_info=\u00bb{}\u00bb]<\/p>\n<p style=\"text-align: center;\">\u00a01 Cama Matrimonial<\/p>\n<p>[\/et_pb_text][\/et_pb_column][et_pb_column type=\u00bb1_2&#8243; _builder_version=\u00bb4.21.0&#8243; _module_preset=\u00bbdefault\u00bb global_colors_info=\u00bb{}\u00bb][et_pb_icon font_icon=\u00bb&#xe074;||divi||400&#8243; icon_color=\u00bb#344B53&#8243; icon_width=\u00bb73px\u00bb icon_width_tablet=\u00bb\u00bb icon_width_phone=\u00bb40px\u00bb icon_width_last_edited=\u00bbon|phone\u00bb _builder_version=\u00bb4.27.0&#8243; _module_preset=\u00bbdefault\u00bb global_colors_info=\u00bb{}\u00bb][\/et_pb_icon][et_pb_text _builder_version=\u00bb4.27.4&#8243; _module_preset=\u00bbdefault\u00bb text_text_color=\u00bb#1C0D02&#8243; text_font_size=\u00bb16px\u00bb custom_margin=\u00bb||||false|false\u00bb global_colors_info=\u00bb{}\u00bb]<\/p>\n<p style=\"text-align: center;\">1 habitacion y 1 ba\u00f1o<\/p>\n<p>[\/et_pb_text][\/et_pb_column][\/et_pb_row][et_pb_row column_structure=\u00bb1_2,1_2&#8243; use_custom_gutter=\u00bbon\u00bb gutter_width=\u00bb2&#8243; disabled_on=\u00bboff|off|on\u00bb _builder_version=\u00bb4.21.0&#8243; _module_preset=\u00bbdefault\u00bb custom_padding=\u00bb15px||15px||true|false\u00bb custom_css_main_element=\u00bbdisplay:flex;\u00bb global_colors_info=\u00bb{}\u00bb][et_pb_column type=\u00bb1_2&#8243; _builder_version=\u00bb4.21.0&#8243; _module_preset=\u00bbdefault\u00bb global_colors_info=\u00bb{}\u00bb][et_pb_icon font_icon=\u00bb&#xf2e7;||fa||900&#8243; icon_color=\u00bb#344B53&#8243; icon_width=\u00bb73px\u00bb icon_width_tablet=\u00bb\u00bb icon_width_phone=\u00bb40px\u00bb icon_width_last_edited=\u00bbon|phone\u00bb _builder_version=\u00bb4.21.0&#8243; _module_preset=\u00bbdefault\u00bb global_colors_info=\u00bb{}\u00bb][\/et_pb_icon][et_pb_text _builder_version=\u00bb4.27.0&#8243; _module_preset=\u00bbdefault\u00bb text_text_color=\u00bb#1C0D02&#8243; text_font_size=\u00bb16px\u00bb custom_margin=\u00bb||||false|false\u00bb global_colors_info=\u00bb{}\u00bb]<\/p>\n<p style=\"text-align: center;\">Cocina Equipada<\/p>\n<p>[\/et_pb_text][\/et_pb_column][et_pb_column type=\u00bb1_2&#8243; _builder_version=\u00bb4.21.0&#8243; _module_preset=\u00bbdefault\u00bb global_colors_info=\u00bb{}\u00bb][et_pb_icon font_icon=\u00bb&#xf540;||fa||900&#8243; icon_color=\u00bb#344B53&#8243; icon_width=\u00bb73px\u00bb icon_width_tablet=\u00bb\u00bb icon_width_phone=\u00bb40px\u00bb icon_width_last_edited=\u00bbon|phone\u00bb _builder_version=\u00bb4.27.0&#8243; _module_preset=\u00bbdefault\u00bb global_colors_info=\u00bb{}\u00bb][\/et_pb_icon][et_pb_text _builder_version=\u00bb4.27.0&#8243; _module_preset=\u00bbdefault\u00bb text_text_color=\u00bb#1C0D02&#8243; text_font_size=\u00bb16px\u00bb custom_margin=\u00bb-15px||||false|false\u00bb global_colors_info=\u00bb{}\u00bb]<\/p>\n<p style=\"text-align: center;\">Estacionamiento<\/p>\n<p>[\/et_pb_text][\/et_pb_column][\/et_pb_row][\/et_pb_section][et_pb_section fb_built=\u00bb1&#8243; admin_label=\u00bbAbout Coffee\u00bb _builder_version=\u00bb4.27.4&#8243; _module_preset=\u00bbdefault\u00bb background_color=\u00bbRGBA(255,255,255,0)\u00bb background_enable_image=\u00bboff\u00bb custom_margin=\u00bb||||false|false\u00bb custom_margin_tablet=\u00bb||||false|false\u00bb custom_margin_phone=\u00bb0px||||false|false\u00bb custom_margin_last_edited=\u00bbon|desktop\u00bb custom_padding=\u00bb18px|0px|0px|0px|false|false\u00bb locked=\u00bboff\u00bb global_colors_info=\u00bb{}\u00bb][et_pb_row column_structure=\u00bb1_2,1_4,1_4&#8243; use_custom_gutter=\u00bbon\u00bb gutter_width=\u00bb1&#8243; module_class=\u00bbcst_img_hover\u00bb _builder_version=\u00bb4.19.4&#8243; _module_preset=\u00bbdefault\u00bb width=\u00bb95%\u00bb width_tablet=\u00bb100%\u00bb width_phone=\u00bb\u00bb width_last_edited=\u00bbon|desktop\u00bb max_width=\u00bb100%\u00bb max_width_tablet=\u00bb100%\u00bb max_width_phone=\u00bb\u00bb max_width_last_edited=\u00bbon|desktop\u00bb custom_padding=\u00bb0|0px|0px|0px|false|false\u00bb make_fullwidth=\u00bbon\u00bb global_colors_info=\u00bb{}\u00bb][et_pb_column type=\u00bb1_2&#8243; _builder_version=\u00bb4.19.4&#8243; _module_preset=\u00bbdefault\u00bb custom_padding=\u00bb|||\u00bb global_colors_info=\u00bb{}\u00bb custom_padding__hover=\u00bb|||\u00bb z_index__hover_enabled=\u00bbon|hover\u00bb z_index__hover=\u00bb144&#8243; transform_styles__hover_enabled=\u00bbon|hover\u00bb transform_scale__hover_enabled=\u00bbon|hover\u00bb transform_translate__hover_enabled=\u00bbon|desktop\u00bb transform_rotate__hover_enabled=\u00bbon|desktop\u00bb transform_skew__hover_enabled=\u00bbon|desktop\u00bb transform_origin__hover_enabled=\u00bbon|desktop\u00bb transform_scale__hover=\u00bb102%|102%\u00bb][et_pb_image src=\u00bbhttps:\/\/xn--cabaaselquiparaiso-q0b.cl\/wp-content\/uploads\/2025\/12\/Cabana-Vista-Rio-Elqui-paraiso-1.webp\u00bb title_text=\u00bbCaba\u00f1a Vista R\u00edo &#8211; Elqui para\u00edso 1&#8243; show_in_lightbox=\u00bbon\u00bb force_fullwidth=\u00bbon\u00bb align_tablet=\u00bbcenter\u00bb align_phone=\u00bb\u00bb align_last_edited=\u00bbon|desktop\u00bb _builder_version=\u00bb4.27.4&#8243; _module_preset=\u00bbdefault\u00bb custom_padding=\u00bb10px|10px|10px|10px|true|true\u00bb filter_saturate=\u00bb76%\u00bb filter_brightness=\u00bb92%\u00bb animation_style=\u00bbzoom\u00bb animation_delay=\u00bb100ms\u00bb animation_intensity_zoom=\u00bb6%\u00bb filter_saturate_tablet=\u00bb0%\u00bb filter_saturate_phone=\u00bb0%\u00bb filter_saturate_last_edited=\u00bboff|desktop\u00bb filter_brightness_tablet=\u00bb80%\u00bb filter_brightness_phone=\u00bb100%\u00bb filter_brightness_last_edited=\u00bboff|desktop\u00bb locked=\u00bboff\u00bb global_colors_info=\u00bb{}\u00bb filter_hue_rotate__hover_enabled=\u00bbon|desktop\u00bb filter_saturate__hover=\u00bb100%\u00bb filter_saturate__hover_enabled=\u00bbon|hover\u00bb filter_brightness__hover_enabled=\u00bbon|desktop\u00bb filter_brightness__hover=\u00bb102%\u00bb transform_styles__hover_enabled=\u00bbon|hover\u00bb transform_scale__hover_enabled=\u00bbon|hover\u00bb transform_translate__hover_enabled=\u00bbon|desktop\u00bb transform_rotate__hover_enabled=\u00bbon|desktop\u00bb transform_skew__hover_enabled=\u00bbon|desktop\u00bb transform_origin__hover_enabled=\u00bbon|desktop\u00bb transform_scale__hover=\u00bb102%|102%\u00bb z_index__hover=\u00bb133&#8243; z_index__hover_enabled=\u00bbon|hover\u00bb][\/et_pb_image][\/et_pb_column][et_pb_column type=\u00bb1_4&#8243; _builder_version=\u00bb4.19.4&#8243; _module_preset=\u00bbdefault\u00bb z_index=\u00bb1&#8243; custom_padding=\u00bb|||\u00bb global_colors_info=\u00bb{}\u00bb custom_padding__hover=\u00bb|||\u00bb z_index__hover_enabled=\u00bbon|hover\u00bb z_index__hover=\u00bb7&#8243;][et_pb_image src=\u00bbhttps:\/\/xn--cabaaselquiparaiso-q0b.cl\/wp-content\/uploads\/2025\/12\/Cabana-Vista-Rio-Elqui-paraiso-2.webp\u00bb title_text=\u00bbCaba\u00f1a Vista R\u00edo &#8211; Elqui para\u00edso 2&#8243; show_in_lightbox=\u00bbon\u00bb force_fullwidth=\u00bbon\u00bb align_tablet=\u00bbcenter\u00bb align_phone=\u00bb\u00bb align_last_edited=\u00bbon|desktop\u00bb _builder_version=\u00bb4.27.4&#8243; _module_preset=\u00bbdefault\u00bb custom_padding=\u00bb10px|10px|10px|10px|true|true\u00bb filter_saturate=\u00bb76%\u00bb filter_brightness=\u00bb92%\u00bb animation_style=\u00bbzoom\u00bb animation_delay=\u00bb100ms\u00bb animation_intensity_zoom=\u00bb6%\u00bb filter_saturate_tablet=\u00bb0%\u00bb filter_saturate_phone=\u00bb0%\u00bb filter_saturate_last_edited=\u00bboff|desktop\u00bb filter_brightness_tablet=\u00bb80%\u00bb filter_brightness_phone=\u00bb100%\u00bb filter_brightness_last_edited=\u00bboff|desktop\u00bb locked=\u00bboff\u00bb global_colors_info=\u00bb{}\u00bb filter_hue_rotate__hover_enabled=\u00bbon|desktop\u00bb filter_saturate__hover=\u00bb100%\u00bb filter_saturate__hover_enabled=\u00bbon|hover\u00bb filter_brightness__hover_enabled=\u00bbon|desktop\u00bb filter_brightness__hover=\u00bb102%\u00bb transform_styles__hover_enabled=\u00bbon|hover\u00bb transform_scale__hover_enabled=\u00bbon|hover\u00bb transform_translate__hover_enabled=\u00bbon|desktop\u00bb transform_rotate__hover_enabled=\u00bbon|desktop\u00bb transform_skew__hover_enabled=\u00bbon|desktop\u00bb transform_origin__hover_enabled=\u00bbon|desktop\u00bb transform_scale__hover=\u00bb104%|104%\u00bb z_index__hover=\u00bb133&#8243; z_index__hover_enabled=\u00bbon|hover\u00bb][\/et_pb_image][et_pb_image src=\u00bbhttps:\/\/xn--cabaaselquiparaiso-q0b.cl\/wp-content\/uploads\/2025\/12\/Cabana-Vista-Rio-Elqui-paraiso-4.webp\u00bb title_text=\u00bbCaba\u00f1a Vista R\u00edo &#8211; Elqui para\u00edso 4&#8243; show_in_lightbox=\u00bbon\u00bb force_fullwidth=\u00bbon\u00bb align_tablet=\u00bbcenter\u00bb align_phone=\u00bb\u00bb align_last_edited=\u00bbon|desktop\u00bb disabled_on=\u00bboff|off|off\u00bb _builder_version=\u00bb4.27.4&#8243; _module_preset=\u00bbdefault\u00bb custom_padding=\u00bb10px|10px|10px|10px|true|true\u00bb filter_saturate=\u00bb76%\u00bb filter_brightness=\u00bb92%\u00bb animation_style=\u00bbzoom\u00bb animation_delay=\u00bb100ms\u00bb animation_intensity_zoom=\u00bb6%\u00bb filter_saturate_tablet=\u00bb0%\u00bb filter_saturate_phone=\u00bb0%\u00bb filter_saturate_last_edited=\u00bboff|desktop\u00bb filter_brightness_tablet=\u00bb80%\u00bb filter_brightness_phone=\u00bb100%\u00bb filter_brightness_last_edited=\u00bboff|desktop\u00bb locked=\u00bboff\u00bb global_colors_info=\u00bb{}\u00bb filter_hue_rotate__hover_enabled=\u00bbon|desktop\u00bb filter_saturate__hover=\u00bb100%\u00bb filter_saturate__hover_enabled=\u00bbon|hover\u00bb filter_brightness__hover=\u00bb102%\u00bb filter_brightness__hover_enabled=\u00bbon|desktop\u00bb z_index__hover=\u00bb133&#8243; z_index__hover_enabled=\u00bbon|hover\u00bb transform_styles__hover_enabled=\u00bbon|hover\u00bb transform_scale__hover_enabled=\u00bbon|hover\u00bb transform_translate__hover_enabled=\u00bbon|desktop\u00bb transform_rotate__hover_enabled=\u00bbon|desktop\u00bb transform_skew__hover_enabled=\u00bbon|desktop\u00bb transform_origin__hover_enabled=\u00bbon|desktop\u00bb transform_scale__hover=\u00bb104%|104%\u00bb][\/et_pb_image][\/et_pb_column][et_pb_column type=\u00bb1_4&#8243; _builder_version=\u00bb4.19.4&#8243; _module_preset=\u00bbdefault\u00bb z_index=\u00bb1&#8243; custom_padding=\u00bb|||\u00bb global_colors_info=\u00bb{}\u00bb custom_padding__hover=\u00bb|||\u00bb z_index__hover_enabled=\u00bbon|hover\u00bb z_index__hover=\u00bb4&#8243;][et_pb_image src=\u00bbhttps:\/\/xn--cabaaselquiparaiso-q0b.cl\/wp-content\/uploads\/2025\/12\/Cabana-Vista-Rio-Elqui-paraiso-3.webp\u00bb title_text=\u00bbCaba\u00f1a Vista R\u00edo &#8211; Elqui para\u00edso 3&#8243; show_in_lightbox=\u00bbon\u00bb force_fullwidth=\u00bbon\u00bb align_tablet=\u00bbcenter\u00bb align_phone=\u00bb\u00bb align_last_edited=\u00bbon|desktop\u00bb disabled_on=\u00bbon|off|off\u00bb _builder_version=\u00bb4.27.4&#8243; _module_preset=\u00bbdefault\u00bb custom_padding=\u00bb10px|10px|10px|10px|true|true\u00bb filter_saturate=\u00bb76%\u00bb filter_brightness=\u00bb92%\u00bb animation_style=\u00bbzoom\u00bb animation_delay=\u00bb100ms\u00bb animation_intensity_zoom=\u00bb6%\u00bb filter_saturate_tablet=\u00bb0%\u00bb filter_saturate_phone=\u00bb0%\u00bb filter_saturate_last_edited=\u00bboff|desktop\u00bb filter_brightness_tablet=\u00bb80%\u00bb filter_brightness_phone=\u00bb100%\u00bb filter_brightness_last_edited=\u00bboff|desktop\u00bb locked=\u00bboff\u00bb global_colors_info=\u00bb{}\u00bb filter_hue_rotate__hover_enabled=\u00bbon|desktop\u00bb filter_saturate__hover=\u00bb100%\u00bb filter_saturate__hover_enabled=\u00bbon|hover\u00bb filter_brightness__hover=\u00bb102%\u00bb filter_brightness__hover_enabled=\u00bbon|desktop\u00bb z_index__hover_enabled=\u00bbon|hover\u00bb z_index__hover=\u00bb133&#8243; transform_styles__hover_enabled=\u00bbon|hover\u00bb transform_scale__hover_enabled=\u00bbon|hover\u00bb transform_translate__hover_enabled=\u00bbon|hover\u00bb transform_rotate__hover_enabled=\u00bbon|hover\u00bb transform_skew__hover_enabled=\u00bbon|hover\u00bb transform_origin__hover_enabled=\u00bbon|hover\u00bb transform_scale__hover=\u00bb104%|104%\u00bb][\/et_pb_image][et_pb_image src=\u00bbhttps:\/\/xn--cabaaselquiparaiso-q0b.cl\/wp-content\/uploads\/2025\/12\/Cabana-Vista-Rio-Elqui-paraiso-5.webp\u00bb title_text=\u00bbCaba\u00f1a Vista R\u00edo &#8211; Elqui para\u00edso 5&#8243; show_in_lightbox=\u00bbon\u00bb force_fullwidth=\u00bbon\u00bb align_tablet=\u00bbcenter\u00bb align_phone=\u00bb\u00bb align_last_edited=\u00bbon|desktop\u00bb disabled_on=\u00bboff|on|off\u00bb _builder_version=\u00bb4.27.4&#8243; _module_preset=\u00bbdefault\u00bb custom_padding=\u00bb10px|10px|10px|10px|true|true\u00bb filter_saturate=\u00bb76%\u00bb filter_brightness=\u00bb92%\u00bb animation_style=\u00bbzoom\u00bb animation_delay=\u00bb100ms\u00bb animation_intensity_zoom=\u00bb6%\u00bb filter_saturate_tablet=\u00bb0%\u00bb filter_saturate_phone=\u00bb100%\u00bb filter_saturate_last_edited=\u00bbon|phone\u00bb filter_brightness_tablet=\u00bb80%\u00bb filter_brightness_phone=\u00bb107%\u00bb filter_brightness_last_edited=\u00bbon|phone\u00bb locked=\u00bboff\u00bb global_colors_info=\u00bb{}\u00bb filter_hue_rotate__hover_enabled=\u00bbon|desktop\u00bb filter_saturate__hover=\u00bb100%\u00bb filter_saturate__hover_enabled=\u00bbon|hover\u00bb filter_brightness__hover=\u00bb102%\u00bb filter_brightness__hover_enabled=\u00bbon|desktop\u00bb z_index__hover=\u00bb133&#8243; z_index__hover_enabled=\u00bbon|hover\u00bb transform_styles__hover_enabled=\u00bbon|hover\u00bb transform_scale__hover_enabled=\u00bbon|hover\u00bb transform_translate__hover_enabled=\u00bbon|desktop\u00bb transform_rotate__hover_enabled=\u00bbon|desktop\u00bb transform_skew__hover_enabled=\u00bbon|desktop\u00bb transform_origin__hover_enabled=\u00bbon|desktop\u00bb transform_scale__hover=\u00bb104%|104%\u00bb][\/et_pb_image][\/et_pb_column][\/et_pb_row][\/et_pb_section][et_pb_section fb_built=\u00bb1&#8243; fullwidth=\u00bbon\u00bb module_id=\u00bbubicacion\u00bb _builder_version=\u00bb4.27.2&#8243; _module_preset=\u00bbdefault\u00bb custom_margin=\u00bb70px||||false|false\u00bb global_colors_info=\u00bb{}\u00bb][et_pb_fullwidth_header title=\u00bbUbicaci\u00f3n\u00bb _builder_version=\u00bb4.27.5&#8243; _module_preset=\u00bbdefault\u00bb title_level=\u00bbh2&#8243; title_font=\u00bb&#8211;et_global_heading_font||||||||\u00bb title_text_align=\u00bbcenter\u00bb title_text_color=\u00bb#344B53&#8243; title_font_size=\u00bb50px\u00bb background_enable_color=\u00bboff\u00bb title_font_size_tablet=\u00bb50px\u00bb title_font_size_phone=\u00bb34px\u00bb title_font_size_last_edited=\u00bbon|phone\u00bb global_colors_info=\u00bb{}\u00bb][\/et_pb_fullwidth_header][et_pb_fullwidth_code _builder_version=\u00bb4.27.4&#8243; _module_preset=\u00bbdefault\u00bb global_colors_info=\u00bb{}\u00bb]<iframe src=\"https:\/\/www.google.com\/maps\/embed?pb=!1m18!1m12!1m3!1d3454.370022226206!2d-70.52836912444697!3d-30.026240574932714!2m3!1f0!2f0!3f0!3m2!1i1024!2i768!4f13.1!3m3!1m2!1s0x96900500167e90c5%3A0xbe629c575f4207e0!2sCaba%C3%B1as%20Elqui%20Paraiso!5e0!3m2!1ses!2scl!4v1764788740451!5m2!1ses!2scl\" width=\"100%\" height=\"350\" style=\"border:0;\" allowfullscreen=\"\" loading=\"lazy\" referrerpolicy=\"no-referrer-when-downgrade\"><\/iframe>[\/et_pb_fullwidth_code][\/et_pb_section]<\/p>\n","protected":false},"excerpt":{"rendered":"<p>Experiencia en Valle del ElquiCaba\u00f1a Vista R\u00edoCaba\u00f1a en Elqui 2 personas La Caba\u00f1a Vista R\u00edo est\u00e1 situada en la ladera del r\u00edo Claro, en un entorno privilegiado donde el sonido del agua corriendo acompa\u00f1a cada momento. Es un espacio pensado para quienes buscan desconexi\u00f3n, naturaleza y tranquilidad absoluta. Valores Temporada Baja: $60.000Valores Temporada Alta: $70.000 [&hellip;]<\/p>\n","protected":false},"author":1,"featured_media":0,"parent":0,"menu_order":0,"comment_status":"closed","ping_status":"closed","template":"","meta":{"_et_pb_use_builder":"on","_et_pb_old_content":"","_et_gb_content_width":"","_joinchat":[],"footnotes":""},"class_list":["post-126","page","type-page","status-publish","hentry"],"_links":{"self":[{"href":"https:\/\/xn--cabaaselquiparaiso-q0b.cl\/index.php\/wp-json\/wp\/v2\/pages\/126","targetHints":{"allow":["GET"]}}],"collection":[{"href":"https:\/\/xn--cabaaselquiparaiso-q0b.cl\/index.php\/wp-json\/wp\/v2\/pages"}],"about":[{"href":"https:\/\/xn--cabaaselquiparaiso-q0b.cl\/index.php\/wp-json\/wp\/v2\/types\/page"}],"author":[{"embeddable":true,"href":"https:\/\/xn--cabaaselquiparaiso-q0b.cl\/index.php\/wp-json\/wp\/v2\/users\/1"}],"replies":[{"embeddable":true,"href":"https:\/\/xn--cabaaselquiparaiso-q0b.cl\/index.php\/wp-json\/wp\/v2\/comments?post=126"}],"version-history":[{"count":12,"href":"https:\/\/xn--cabaaselquiparaiso-q0b.cl\/index.php\/wp-json\/wp\/v2\/pages\/126\/revisions"}],"predecessor-version":[{"id":394,"href":"https:\/\/xn--cabaaselquiparaiso-q0b.cl\/index.php\/wp-json\/wp\/v2\/pages\/126\/revisions\/394"}],"wp:attachment":[{"href":"https:\/\/xn--cabaaselquiparaiso-q0b.cl\/index.php\/wp-json\/wp\/v2\/media?parent=126"}],"curies":[{"name":"wp","href":"https:\/\/api.w.org\/{rel}","templated":true}]}}